{"id":506,"date":"2015-07-16T12:25:47","date_gmt":"2015-07-16T12:25:47","guid":{"rendered":"http:\/\/feuerwehr-nahe.de\/ffnahe\/?page_id=506"},"modified":"2015-08-04T17:18:38","modified_gmt":"2015-08-04T17:18:38","slug":"kontakt","status":"publish","type":"page","link":"https:\/\/feuerwehr-nahe.de\/ffnahe\/kontakt\/","title":{"rendered":"Kontakt"},"content":{"rendered":"<p>&nbsp;<\/p>\n<p style=\"text-align: center;\">\n<table id=\"tablepress-2\" class=\"tablepress tablepress-id-2\">\n<tbody>\n<tr class=\"row-1\">\n\t<td class=\"column-1\"><p style=\"text-align: right;\"><b>Wehrf\u00fchrer:<\/b><\/p><\/td><td class=\"column-2\">Jan Sonnenschein<br \/>\nH\u00fcttkahlen 15<br \/>\n23866 Nahe<br \/>\n04535-2992805<br \/>\n<a href=\"mailto:wehrfuehrer@feuerwehr-nahe.de\">Kontakt zum Wehrf\u00fchrer<\/a><\/td>\n<\/tr>\n<tr class=\"row-2\">\n\t<td class=\"column-1\"><p style=\"text-align: right;\"><b>stellvertretender Wehrf\u00fchrer:<\/b><\/p><\/td><td class=\"column-2\">Ralf Meyer<br \/>\n<a href=\"mailto:stellver-wehrfuehrer@feuerwehr-nahe.de\">Kontakt zum stellvertretender Wehrf\u00fchrer<\/a><\/td>\n<\/tr>\n<tr class=\"row-3\">\n\t<td class=\"column-1\"><p style=\"text-align: right;\"><b>Schriftwart:<\/b><\/p><\/td><td class=\"column-2\">Timo Finnern<br \/>\n<a href=\"mailto:schriftwart@feuerwehr-nahe.de\">Kontakt zum Schriftwart<\/a><\/td>\n<\/tr>\n<tr class=\"row-4\">\n\t<td class=\"column-1\"><p style=\"text-align: right;\"><b>Jugendwart:<\/b><\/p><\/td><td class=\"column-2\">Tobias Kl\u00e4hne<br \/>\n<a href=\"mailto:jugendwart@feuerwehr-nahe.de\">Kontakt zum Jugendwart<\/a><\/td>\n<\/tr>\n<tr class=\"row-5\">\n\t<td class=\"column-1\"><p style=\"text-align: right;\"><b>Kinderfeuerwehr:<\/b><\/p><\/td><td class=\"column-2\">David Berner<br \/>\n<a href=\"mailto:feuerfunken@feuerwehr-nahe.de\">Kontakt zur Kinderfeuerwehr<\/a><\/td>\n<\/tr>\n<\/tbody>\n<\/table>\n<!-- #tablepress-2 from cache --><\/p>\n<p style=\"text-align: center;\">Feuerwehrger\u00e4tehaus:<br \/>\nFreiwillige Feuerwehr Nahe<br \/>\nM\u00fchlenstra\u00dfe 7<br \/>\n23866 Nahe<br \/>\n(0 45 35) 17 25<\/p>\n<div align=\"center\"><\/div>\n<div align=\"center\"><b><span style=\"font-family: Verdana; font-size: small;\">Freiwillige Feuerwehr Nahe<\/b><\/b><\/span><\/div>\n<div align=\"center\"><\/div>\n<div align=\"center\">Diese Homepage wurde erstellt<\/div>\n<div align=\"center\">von<\/div>\n<div align=\"center\"><\/div>\n<div align=\"center\">Sebastian Glamann<\/div>\n<div align=\"center\"><\/div>\n<div align=\"center\">\n<p>Kontakt zum\u00a0<a href=\"mailto:webmaster@feuerwehr-nahe.de\">Webmaster<\/a> der Feuerwehr Nahe<\/p>\n<p>&nbsp;<\/p>\n<p>&nbsp;<\/p>\n<p style=\"text-align: center;\" align=\"center\"><span style=\"font-family: Arial; font-size: small;\"><b><u><i>Wichtiger Hinweis zu<br \/>\nallen Links auf dieser Homepage:<\/i><\/u><\/b><\/span><\/p>\n<p style=\"text-align: center;\"><span style=\"font-family: Verdana; font-size: small;\">Mit Urteil vom 12. Mai 1998 &#8211; 312 O<br \/>\n85\/98 &#8211; &#8222;Haftung f\u00fcr Links&#8220; hat das Landgericht (LG) Hamburg entschieden, dass<br \/>\nman durch die Anbringung eines Links, die Inhalte der gelinkten Seite ggf. mit<br \/>\nzu verantworten hat.<\/span><\/p>\n<p style=\"text-align: center;\">Dies kann &#8211; so das LG &#8211; nur dadurch verhindert werden, dass man sich<br \/>\nausdr\u00fccklich von diesen Inhalten distanziert.<\/p>\n<p style=\"text-align: center;\">Hiermit distanzieren wir uns ausdr\u00fccklich von allen Inhalten, die in Seiten zu<br \/>\nfinden sind, welche auf unserer Seite verlinken und machen uns diese Inhalte<br \/>\nnicht zu eigen.<\/p>\n<p style=\"text-align: center;\">Diese Erkl\u00e4rung gilt auch f\u00fcr <u>alle<\/u> auf dieser Homepage angebrachten<br \/>\nLinks.<\/p>\n<p style=\"text-align: center;\" align=\"center\"><b><span style=\"font-family: Verdana; font-size: small;\">Bei Fragen wenden sie sich<br \/>\nbitte an den <a href=\"mailto:webmaster@feuerwehr-nahe.de\">Webmaster<\/a><\/span><\/b><\/p>\n<\/div>\n","protected":false},"excerpt":{"rendered":"<p>&nbsp; Feuerwehrger\u00e4tehaus: Freiwillige Feuerwehr Nahe M\u00fchlenstra\u00dfe 7 23866 Nahe (0 45 35) 17 25 Freiwillige Feuerwehr Nahe Diese Homepage wurde erstellt von Sebastian Glamann Kontakt zum\u00a0Webmaster der Feuerwehr Nahe &nbsp; &nbsp; Wichtiger Hinweis zu allen Links auf dieser Homepage: Mit Urteil vom 12. Mai 1998 &#8211; 312 O 85\/98 &#8211; &#8222;Haftung f\u00fcr Links&#8220; hat das [&hellip;]<\/p>\n","protected":false},"author":2,"featured_media":0,"parent":0,"menu_order":12,"comment_status":"closed","ping_status":"closed","template":"","meta":{"footnotes":""},"class_list":["post-506","page","type-page","status-publish","hentry"],"_links":{"self":[{"href":"https:\/\/feuerwehr-nahe.de\/ffnahe\/wp-json\/wp\/v2\/pages\/506","targetHints":{"allow":["GET"]}}],"collection":[{"href":"https:\/\/feuerwehr-nahe.de\/ffnahe\/wp-json\/wp\/v2\/pages"}],"about":[{"href":"https:\/\/feuerwehr-nahe.de\/ffnahe\/wp-json\/wp\/v2\/types\/page"}],"author":[{"embeddable":true,"href":"https:\/\/feuerwehr-nahe.de\/ffnahe\/wp-json\/wp\/v2\/users\/2"}],"replies":[{"embeddable":true,"href":"https:\/\/feuerwehr-nahe.de\/ffnahe\/wp-json\/wp\/v2\/comments?post=506"}],"version-history":[{"count":12,"href":"https:\/\/feuerwehr-nahe.de\/ffnahe\/wp-json\/wp\/v2\/pages\/506\/revisions"}],"predecessor-version":[{"id":4867,"href":"https:\/\/feuerwehr-nahe.de\/ffnahe\/wp-json\/wp\/v2\/pages\/506\/revisions\/4867"}],"wp:attachment":[{"href":"https:\/\/feuerwehr-nahe.de\/ffnahe\/wp-json\/wp\/v2\/media?parent=506"}],"curies":[{"name":"wp","href":"https:\/\/api.w.org\/{rel}","templated":true}]}}